{"id":734,"date":"2024-09-26T16:38:23","date_gmt":"2024-09-26T16:38:23","guid":{"rendered":"http:\/\/akademialotu.pl\/?page_id=734"},"modified":"2024-09-26T16:52:26","modified_gmt":"2024-09-26T16:52:26","slug":"standardy-ochrony-maloletnich","status":"publish","type":"page","link":"http:\/\/akademialotu.pl\/?page_id=734","title":{"rendered":"STANDARDY OCHRONY"},"content":{"rendered":"\n<h3 class=\"wp-block-heading\">STANDARDY OCHRONY MA\u0141OLETNICH W AKADEMII LOTU<\/h3>\n\n\n\n<p>Nowelizacja Kodeksu rodzinnego i opieku\u0144czego (Dz.U. poz. 1606) okre\u015bli\u0142a warunki skutecznej ochrony ma\u0142oletnich przed r\u00f3\u017cnymi formami przemocy. Wprowadzone zmiany wskazuj\u0105 na potrzeb\u0119 opracowania jasnych i sp\u00f3jnych standard\u00f3w post\u0119powania w sytuacjach podejrzenia krzywdzenia lub krzywdzenia ma\u0142oletnich.<\/p>\n\n\n\n<p>W konstruowaniu \u201eStandard\u00f3w ochrony ma\u0142oletnich\u201d przyj\u0119to nast\u0119puj\u0105ce za\u0142o\u017cenia:<\/p>\n\n\n\n<ol class=\"wp-block-list\">\n<li>W Akademii lotu nie s\u0105 zatrudniane&nbsp; i nie jest podejmowana wsp\u00f3\u0142praca z&nbsp; osobami mog\u0105cymi zagra\u017ca\u0107 bezpiecze\u0144stwu ma\u0142oletnich.<\/li>\n\n\n\n<li>Wszyscy pracownicy i osoby z kt\u00f3rymi wsp\u00f3\u0142pracujemy na zasadzie samo zatrudnienia potrafi\u0105 zdiagnozowa\u0107 symptomy krzywdzenia ma\u0142oletniego oraz podejmowa\u0107 interwencje w przypadku podejrzenia, \u017ce ma\u0142oletni jest ofiar\u0105 przemocy.<\/li>\n\n\n\n<li>Ka\u017cdy instruktor dostarczy\u0142 za\u015bwiadczenie \u2013 z Krajowego Rejestru Karnego oraz z Rejestru Sprawc\u00f3w Przest\u0119pstw na Tle Seksualnym.<\/li>\n\n\n\n<li>Podejmowane post\u0119powanie nie mo\u017ce narusza\u0107 praw dziecka, praw cz\u0142owieka oraz bezpiecze\u0144stwa danych osobowych.<\/li>\n\n\n\n<li>Wizerunek podlega ochronie na podstawie przepis\u00f3w zawartych w Kodeksie cywilnym, w ustawie o prawie autorskim o prawach pokrewnych, a tak\u017ce na podstawie ustawy o ochronie danych osobowych (RODO) \u2013 jako tzw. dane szczeg\u00f3lnej kategorii przetwarzania.<\/li>\n\n\n\n<li>Upublicznianie wizerunku ma\u0142oletniego do 16 lat, utrwalonego w jakiejkolwiek formie (fotografia, nagranie audio-wideo) wymaga wyra\u017cenia zgody osoby sprawuj\u0105cej w\u0142adz\u0119 rodzicielsk\u0105 lub opiek\u0119 nad dzieckiem (wym\u00f3g art. 8 RODO).<\/li>\n\n\n\n<li>Osoba ma\u0142oletnia powy\u017cej 16 roku \u017cycia ma prawo do wyra\u017cenia zgody samodzielnie.<\/li>\n\n\n\n<li>Instruktorzy dbaj\u0105 o bezpiecze\u0144stwo ma\u0142oletnich podczas pobytu na zaj\u0119ciach.<\/li>\n\n\n\n<li>Instruktorzy nie stosuj\u0105 \u017cadnej formy przemocy fizycznej wobec ma\u0142oletnich, np. takiej jak: zabieranie rzeczy, niszczenie rzeczy, bicie, popychanie, szturchanie, ograniczenie swobody ruchu, szczypanie, klapsy, poci\u0105gni\u0119cie za w\u0142osy, bicie przedmiotami, wykr\u0119canie r\u0105k.<\/li>\n\n\n\n<li>Instruktor nie stosuje \u017cadnej formy przemocy psychicznej wobec ma\u0142oletnich, np. takiej jak:\n<ul class=\"wp-block-list\">\n<li>izolowanie, pomijanie, obni\u017canie statusu,<\/li>\n\n\n\n<li>stygmatyzowanie z powodu ich zdrowia, osi\u0105gni\u0119\u0107 edukacyjnych,wygl\u0105du, orientacji seksualnej, \u015bwiatopogl\u0105du czy sytuacji maj\u0105tkowej,<\/li>\n\n\n\n<li>wyszydzanie, wy\u015bmiewanie, o\u015bmieszanie, poni\u017canie, wyzywanie, gro\u017cenie,<\/li>\n\n\n\n<li>nadmierne, wyg\u00f3rowane wymagania,<\/li>\n\n\n\n<li>agresywne wypowiedzi i komentarze,<\/li>\n\n\n\n<li>rozpowszechnianie wszelkich nieprawdziwych, poni\u017caj\u0105cych materia\u0142\u00f3w.<\/li>\n<\/ul>\n<\/li>\n\n\n\n<li>Instruktor nie narusza nietykalno\u015bci osobistej ma\u0142oletnich. Nie zachowuje si\u0119 wobec nich w spos\u00f3b niestosowny, np. nie dotyka, nie g\u0142aszcze, nie poklepuje w spos\u00f3b poufa\u0142y, dwuznaczny w celu zaspokojenia w\u0142asnych potrzeb.<\/li>\n\n\n\n<li>W sytuacjach wymagaj\u0105cych czynno\u015bci piel\u0119gnacyjnych i higienicznych wobec ma\u0142oletniego uczestniczy rodzic\/opiekun prawny, przez co personel unika innego ni\u017c niezb\u0119dny kontaktu fizycznego. Dotyczy to zw\u0142aszcza pomagania w korzystaniu z toalety.<\/li>\n\n\n\n<li>Ka\u017cdy ma\u0142oletni b\u0119d\u0105cy klientem szko\u0142y ta\u0144ca mo\u017ce zg\u0142osi\u0107 ustnie lub pisemnie, dowolnej osobie, do kt\u00f3rej ma zaufanie, b\u0119d\u0105cej pracownikiem szko\u0142y, fakt stosowania wobec niego przemocy domowej.<\/li>\n\n\n\n<li>Ka\u017cdy pracownik szko\u0142y ta\u0144ca, kt\u00f3ry zauwa\u017cy lub podejrzewa u ma\u0142oletniego symptomy krzywdzenia, jest zobowi\u0105zany zareagowa\u0107 \u2013 je\u015bli to konieczne, udzieli\u0107 pierwszej pomocy.<\/li>\n<\/ol>\n\n\n\n<p>Wyr\u00f3\u017cnia si\u0119 nast\u0119puj\u0105ce formy krzywdzenia:<\/p>\n\n\n\n<ul class=\"wp-block-list\">\n<li>przemoc fizyczna \u2013 przemoc, w wyniku kt\u00f3rej ma\u0142oletni doznaje faktycznej fizycznej krzywdy lub jest ni\u0105 potencjalnie zagro\u017cony. Krzywda ta nast\u0119puje w wyniku dzia\u0142ania b\u0105d\u017a zaniechania dzia\u0142ania ze strony rodzica lub innej osoby odpowiedzialnej za ma\u0142oletniego, lub ze strony osoby, kt\u00f3rej ma\u0142oletni ufa, b\u0105d\u017a kt\u00f3ra ma nad nim w\u0142adz\u0119. Przemoc fizyczna wobec ma\u0142oletniego mo\u017ce by\u0107 czynno\u015bci\u0105 powtarzaln\u0105 lub jednorazow\u0105;<\/li>\n\n\n\n<li>przemoc psychiczna \u2013 to przewlek\u0142a, nie fizyczna, szkodliwa interakcja pomi\u0119dzy ma\u0142oletnim a opiekunem, obejmuj\u0105ca zar\u00f3wno dzia\u0142ania jak i zaniechania. Zaliczamy do niej m.in.: niedost\u0119pno\u015b\u0107 emocjonaln\u0105, zaniedbywanie emocjonalne, relacj\u0119 z ma\u0142oletnim opart\u0105 na wrogo\u015bci, obwinianiu, oczernianiu, odrzucaniu, nieodpowiednie rozwojowo lub niekonsekwentne interakcje z ma\u0142oletnim, niedostrzeganie lub nieuznawanie indywidualno\u015bci ma\u0142oletniego i granic psychicznych pomi\u0119dzy rodzicem a ma\u0142oletnim;<\/li>\n\n\n\n<li>wykorzystywanie seksualne \u2013 w\u0142\u0105czanie ma\u0142oletniego w aktywno\u015b\u0107 seksualn\u0105, kt\u00f3rej nie jest on w stanie w pe\u0142ni zrozumie\u0107 i udzieli\u0107 na ni\u0105 \u015bwiadomej zgody i\/lub na kt\u00f3r\u0105 nie jest dojrza\u0142e rozwojowo i nie mo\u017ce zgodzi\u0107 si\u0119 w wa\u017cny prawnie spos\u00f3b i\/lub kt\u00f3ra jest niezgodna z prawnymi lub obyczajowymi danego spo\u0142ecze\u0144stwa. Z wykorzystaniem seksualnym mamy do czynienia, gdy taka aktywno\u015b\u0107 wyst\u0105pi mi\u0119dzy ma\u0142oletnim a doros\u0142ym lub ma\u0142oletnim a innym ma\u0142oletnim, je\u015bli te osoby ze wzgl\u0119du na wiek b\u0105d\u017a stopie\u0144 rozwoju pozostaj\u0105 w relacji opieki, zale\u017cno\u015bci, w\u0142adzy;<\/li>\n\n\n\n<li>zaniedbywanie ma\u0142oletniego \u2013 chroniczne lub incydentalne niezaspokajanie jego podstawowych potrzeb fizycznych i psychicznych i\/lub nierespektowanie jego podstawowych praw, powoduj\u0105ce zaburzenia jego zdrowia i\/lub trudno\u015bci w rozwoju. Do zaniedbywania dochodzi w relacji ma\u0142oletniego z osob\u0105, kt\u00f3ra jest zobowi\u0105zana do opieki, wychowania, troski i ochrony dziecka.<\/li>\n<\/ul>\n\n\n\n<p> <a href=\"http:\/\/akademialotu.pl\/wp-content\/uploads\/2024\/09\/REGFASTSTEP_karta.pdf\" data-type=\"link\" data-id=\"http:\/\/akademialotu.pl\/wp-content\/uploads\/2024\/09\/REGFASTSTEP_karta.pdf\">Karta zg\u0142oszenia krzywdzenia<\/a><\/p>\n\n\n<div class=\"wp-block-image\">\n<figure class=\"aligncenter size-full\"><img loading=\"lazy\" decoding=\"async\" width=\"652\" height=\"439\" src=\"http:\/\/akademialotu.pl\/wp-content\/uploads\/2024\/09\/wutIm9kdrecV1Po.jpeg\" alt=\"\" class=\"wp-image-742\" srcset=\"http:\/\/akademialotu.pl\/wp-content\/uploads\/2024\/09\/wutIm9kdrecV1Po.jpeg 652w, http:\/\/akademialotu.pl\/wp-content\/uploads\/2024\/09\/wutIm9kdrecV1Po-300x202.jpeg 300w\" sizes=\"auto, (max-width: 652px) 100vw, 652px\" \/><\/figure>\n<\/div>","protected":false},"excerpt":{"rendered":"<p>STANDARDY OCHRONY MA\u0141OLETNICH W AKADEMII LOTU Nowelizacja Kodeksu rodzinnego i opieku\u0144czego (Dz.U. poz. 1606) okre\u015bli\u0142a warunki skutecznej ochrony ma\u0142oletnich przed r\u00f3\u017cnymi formami przemocy. Wprowadzone zmiany wskazuj\u0105 na potrzeb\u0119 opracowania jasnych i sp\u00f3jnych standard\u00f3w post\u0119powania w sytuacjach podejrzenia krzywdzenia lub krzywdzenia ma\u0142oletnich. W konstruowaniu \u201eStandard\u00f3w ochrony ma\u0142oletnich\u201d przyj\u0119to nast\u0119puj\u0105ce za\u0142o\u017cenia: Wyr\u00f3\u017cnia si\u0119 nast\u0119puj\u0105ce formy krzywdzenia: Karta [&hellip;]<\/p>\n","protected":false},"author":1,"featured_media":0,"parent":0,"menu_order":0,"comment_status":"closed","ping_status":"closed","template":"","meta":{"_regular_price":[],"currency_symbol":[],"footnotes":""},"class_list":["post-734","page","type-page","status-publish","hentry"],"post_slider_layout_featured_media_urls":{"thumbnail":"","post_slider_layout_landscape_large":"","post_slider_layout_portrait_large":"","post_slider_layout_square_large":"","post_slider_layout_landscape":"","post_slider_layout_portrait":"","post_slider_layout_square":"","full":""},"_links":{"self":[{"href":"http:\/\/akademialotu.pl\/index.php?rest_route=\/wp\/v2\/pages\/734","targetHints":{"allow":["GET"]}}],"collection":[{"href":"http:\/\/akademialotu.pl\/index.php?rest_route=\/wp\/v2\/pages"}],"about":[{"href":"http:\/\/akademialotu.pl\/index.php?rest_route=\/wp\/v2\/types\/page"}],"author":[{"embeddable":true,"href":"http:\/\/akademialotu.pl\/index.php?rest_route=\/wp\/v2\/users\/1"}],"replies":[{"embeddable":true,"href":"http:\/\/akademialotu.pl\/index.php?rest_route=%2Fwp%2Fv2%2Fcomments&post=734"}],"version-history":[{"count":6,"href":"http:\/\/akademialotu.pl\/index.php?rest_route=\/wp\/v2\/pages\/734\/revisions"}],"predecessor-version":[{"id":744,"href":"http:\/\/akademialotu.pl\/index.php?rest_route=\/wp\/v2\/pages\/734\/revisions\/744"}],"wp:attachment":[{"href":"http:\/\/akademialotu.pl\/index.php?rest_route=%2Fwp%2Fv2%2Fmedia&parent=734"}],"curies":[{"name":"wp","href":"https:\/\/api.w.org\/{rel}","templated":true}]}}